{"id":151,"date":"2023-11-05T20:43:47","date_gmt":"2023-11-05T19:43:47","guid":{"rendered":"https:\/\/ccsmmarocorg.com\/?page_id=151"},"modified":"2024-07-24T11:29:03","modified_gmt":"2024-07-24T09:29:03","slug":"volet-plaidoyer-et-renforcement-des-capacites","status":"publish","type":"page","link":"https:\/\/ccsmright.org\/index.php\/volet-plaidoyer-et-renforcement-des-capacites\/","title":{"rendered":"Notre volet : Plaidoyer et Renforcement des Capacit\u00e9s"},"content":{"rendered":"<style>\r\n\r\n#wpsm_counter_b_row_256 .wpsm_counterbox\r\n{\r\n\ttext-align:center;\r\n\tmargin-top:50px;\r\n\tmargin-bottom:50px;\r\n}\r\n#wpsm_counter_b_row_256 .wpsm_counterbox .wpsm_count-icon{\r\n\tdisplay:block;\r\n\tmargin-top:20px;\r\n\tpadding-top:0px;\r\n\tpadding-bottom:0px;\r\n\tmargin-bottom:0px;\r\n\tmargin:0 auto;\r\n}\r\n#wpsm_counter_b_row_256 .wpsm_counterbox .wpsm_count-icon i{\r\n\tfont-size:46px;\r\n\tcolor:#4b8022;\r\n}\r\n#wpsm_counter_b_row_256 .wpsm_counterbox .wpsm_number{\r\n\tfont-size:36px;\r\n\tfont-weight:400;\r\n\tcolor:#000000;\r\n\tfont-family:'Arial';\r\n\tletter-spacing:2px;\r\n\tmargin-top:20px;\r\n\tline-height: 1.3em;\r\n\tpadding-top:0px;\r\n\tpadding-bottom:0px;\r\n\tmargin-bottom:0px;\r\n}\r\n#wpsm_counter_b_row_256 .wpsm_counterbox .wpsm_count-title{\r\n    font-size:24px;\r\n\tfont-weight:bolder;\r\n\tfont-family:'Arial';\r\n\tletter-spacing:2px;\r\n    color: #000000;\r\n\tfont-weight:400;\r\n\tmargin-top:20px;\r\n\tpadding-top:0px;\r\n\tpadding-bottom:0px;\r\n\tmargin-bottom:0px;\r\n\tline-height: 1.3em;\r\n}\r\n\r\n<\/style> \r\n\t\t \r\n\t\t\r\n\t\t<style>\r\n\t\t#wpsm_counter_b_row_256\t\t\t{\r\n\t\t\t\t\r\n\t\t\t\tposition:relative;\r\n\t\t\t\twidth:100%;\r\n\t\t\t\toverflow:hidden;\r\n\t\t\t\ttext-align:center;\r\n\t\t\t}\r\n\t\t\t \r\n\t\t\t#wpsm_counter_b_row_256 .wpsm_row{\r\n\t\t\toverflow:hidden;\r\n\t\t\tdisplay:block;\r\n\t\t\twidth:100%;\r\n\t\t\t} \r\n\t\t\t \r\n\t\t\t#wpsm_counter_b_row_256 .wpsm_row{\r\n\t\t\toverflow:visible;\r\n\t\t\t} \r\n\t\t\t \r\n\t\t\t#wpsm_counter_b_row_256 .wpsm_counterbox .wpsm_count-title{\r\n\t\t\tmin-height:56px;\r\n\t\t\t}}\r\n\t\t\t \r\n\t\t<\/style>\r\n\t\t\r\n\t\t<div class=\"wpsm_counter_b_row\" id=\"wpsm_counter_b_row_256\">\r\n\t\t\t<div>\r\n\t\t\t\t<div class=\"wpsm_row\">\r\n\t\t\r\n\t\t\t\t\t\t<div class=\"wpsm_col-md-12 wpsm_col-sm-6\">\r\n\t\t\t\t\t<div class=\"wpsm_counterbox\">\r\n\t\t\t\t\t\t \r\n\t\t\t\t\t\t<div class=\"wpsm_count-icon\"><i #4b8022 class=\"fa fa-sticky-note\"><\/i><\/div>\r\n\t\t\t\t\t\t\t\t\t\t\t\t<div class=\"wpsm_number\" style=\"#000000\" >\r\n\t\t\t\t\t\t   <span class=\"counter\">14\t\t\t\t\t\t   <\/span>\r\n\t\t\t\t\t\t    \r\n\t\t\t\t\t    <\/div>\r\n\t\t\t\t\t\t<h3 class=\"wpsm_count-title\" #000000> Directives notes<\/h3>\r\n\t\t\t\t\t\t \r\n\t\t\t\t\t<\/div>\r\n\t\t\t\t<\/div>\r\n\t\t\t\t\t\t<\/div>\r\n\t\t\t<div class=\"wpsm_row\">\r\n\t\t\t\t\t\t\r\n\t\t\t<\/div>\t\t\t\t<\/div>\r\n\t\t<\/div>\r\n\t\t\r\n\t\n\n\n\n<p>Le plaidoyer constitue le deuxi\u00e8me pilier fondamental de notre engagement, nous permettant de mani\u00e8re objective de d\u00e9fendre les droits des minorit\u00e9s migrantes. Il vise \u00e0 encourager les gouvernements, les autorit\u00e9s locales, les institutions et les groupes de la soci\u00e9t\u00e9 civile \u00e0 travailler activement \u00e0 l&rsquo;\u00e9laboration de politiques publiques favorisant une meilleure inclusion sociale des personnes appartenant \u00e0 des minorit\u00e9s, en particulier les migrants.<\/p>\n\n\n\n<p>\u00c0 cette fin, le CCSM entreprend r\u00e9guli\u00e8rement des actions de plaidoyer visant \u00e0 garantir le respect des droits fondamentaux des personnes migrantes au Maroc, tels que l&rsquo;acc\u00e8s \u00e0 l&rsquo;\u00e9ducation, \u00e0 la sant\u00e9, \u00e0 l&#8217;emploi et \u00e0 la diversit\u00e9 culturelle entre autres. <strong>Actes\u00a0: 14\u00a0<\/strong><\/p>\n\n\n<style>\r\n\r\n#wpsm_counter_b_row_258 .wpsm_counterbox\r\n{\r\n\ttext-align:center;\r\n\tmargin-top:50px;\r\n\tmargin-bottom:50px;\r\n}\r\n#wpsm_counter_b_row_258 .wpsm_counterbox .wpsm_count-icon{\r\n\tdisplay:block;\r\n\tmargin-top:20px;\r\n\tpadding-top:0px;\r\n\tpadding-bottom:0px;\r\n\tmargin-bottom:0px;\r\n\tmargin:0 auto;\r\n}\r\n#wpsm_counter_b_row_258 .wpsm_counterbox .wpsm_count-icon i{\r\n\tfont-size:46px;\r\n\tcolor:#553024;\r\n}\r\n#wpsm_counter_b_row_258 .wpsm_counterbox .wpsm_number{\r\n\tfont-size:36px;\r\n\tfont-weight:400;\r\n\tcolor:#000000;\r\n\tfont-family:'Arial';\r\n\tletter-spacing:2px;\r\n\tmargin-top:20px;\r\n\tline-height: 1.3em;\r\n\tpadding-top:0px;\r\n\tpadding-bottom:0px;\r\n\tmargin-bottom:0px;\r\n}\r\n#wpsm_counter_b_row_258 .wpsm_counterbox .wpsm_count-title{\r\n    font-size:24px;\r\n\tfont-weight:bolder;\r\n\tfont-family:'Arial';\r\n\tletter-spacing:2px;\r\n    color: #000000;\r\n\tfont-weight:400;\r\n\tmargin-top:20px;\r\n\tpadding-top:0px;\r\n\tpadding-bottom:0px;\r\n\tmargin-bottom:0px;\r\n\tline-height: 1.3em;\r\n}\r\n\r\n<\/style> \r\n\t\t \r\n\t\t\r\n\t\t<style>\r\n\t\t#wpsm_counter_b_row_258\t\t\t{\r\n\t\t\t\t\r\n\t\t\t\tposition:relative;\r\n\t\t\t\twidth:100%;\r\n\t\t\t\toverflow:hidden;\r\n\t\t\t\ttext-align:center;\r\n\t\t\t}\r\n\t\t\t \r\n\t\t\t#wpsm_counter_b_row_258 .wpsm_row{\r\n\t\t\toverflow:hidden;\r\n\t\t\tdisplay:block;\r\n\t\t\twidth:100%;\r\n\t\t\t} \r\n\t\t\t \r\n\t\t\t#wpsm_counter_b_row_258 .wpsm_row{\r\n\t\t\toverflow:visible;\r\n\t\t\t} \r\n\t\t\t \r\n\t\t\t#wpsm_counter_b_row_258 .wpsm_counterbox .wpsm_count-title{\r\n\t\t\tmin-height:56px;\r\n\t\t\t}}\r\n\t\t\t \r\n\t\t<\/style>\r\n\t\t\r\n\t\t<div class=\"wpsm_counter_b_row\" id=\"wpsm_counter_b_row_258\">\r\n\t\t\t<div>\r\n\t\t\t\t<div class=\"wpsm_row\">\r\n\t\t\r\n\t\t\t\t\t\t<div class=\"wpsm_col-md-12 wpsm_col-sm-6\">\r\n\t\t\t\t\t<div class=\"wpsm_counterbox\">\r\n\t\t\t\t\t\t \r\n\t\t\t\t\t\t<div class=\"wpsm_count-icon\"><i #553024 class=\"fa fa-book\"><\/i><\/div>\r\n\t\t\t\t\t\t\t\t\t\t\t\t<div class=\"wpsm_number\" style=\"#000000\" >\r\n\t\t\t\t\t\t   <span class=\"counter\">1901\t\t\t\t\t\t   <\/span>\r\n\t\t\t\t\t\t    \r\n\t\t\t\t\t    <\/div>\r\n\t\t\t\t\t\t<h3 class=\"wpsm_count-title\" #000000> Formation \/\u00e9ducation \/sensibilisation<\/h3>\r\n\t\t\t\t\t\t \r\n\t\t\t\t\t<\/div>\r\n\t\t\t\t<\/div>\r\n\t\t\t\t\t\t<\/div>\r\n\t\t\t<div class=\"wpsm_row\">\r\n\t\t\t\t\t\t\r\n\t\t\t<\/div>\t\t\t\t<\/div>\r\n\t\t<\/div>\r\n\t\t\r\n\t\n\n\n\n<p>Ce programme se pr\u00e9sente comme un outil p\u00e9dagogique destin\u00e9 \u00e0 diff\u00e9rents acteurs tels que les enfants, les jeunes, les mineurs, les hommes et les femmes. Son objectif est de sensibiliser la communaut\u00e9 migrante afin qu&rsquo;elle devienne une force active dans la d\u00e9fense de ses droits. En parall\u00e8le, il vise \u00e0 doter les acteurs impliqu\u00e9s dans les mouvements migratoires d&rsquo;une compr\u00e9hension approfondie des ph\u00e9nom\u00e8nes associ\u00e9s, des enjeux politiques et du cadre juridique national et international r\u00e9gissant la migration au Maroc. <strong>N\u00b0B\u00a0: 1901<\/strong><\/p>\n\n\n<style>\r\n\r\n#wpsm_counter_b_row_260 .wpsm_counterbox\r\n{\r\n\ttext-align:center;\r\n\tmargin-top:50px;\r\n\tmargin-bottom:50px;\r\n}\r\n#wpsm_counter_b_row_260 .wpsm_counterbox .wpsm_count-icon{\r\n\tdisplay:block;\r\n\tmargin-top:20px;\r\n\tpadding-top:0px;\r\n\tpadding-bottom:0px;\r\n\tmargin-bottom:0px;\r\n\tmargin:0 auto;\r\n}\r\n#wpsm_counter_b_row_260 .wpsm_counterbox .wpsm_count-icon i{\r\n\tfont-size:46px;\r\n\tcolor:#4b8022;\r\n}\r\n#wpsm_counter_b_row_260 .wpsm_counterbox .wpsm_number{\r\n\tfont-size:36px;\r\n\tfont-weight:400;\r\n\tcolor:#000000;\r\n\tfont-family:'Arial';\r\n\tletter-spacing:2px;\r\n\tmargin-top:20px;\r\n\tline-height: 1.3em;\r\n\tpadding-top:0px;\r\n\tpadding-bottom:0px;\r\n\tmargin-bottom:0px;\r\n}\r\n#wpsm_counter_b_row_260 .wpsm_counterbox .wpsm_count-title{\r\n    font-size:24px;\r\n\tfont-weight:bolder;\r\n\tfont-family:'Arial';\r\n\tletter-spacing:2px;\r\n    color: #000000;\r\n\tfont-weight:400;\r\n\tmargin-top:20px;\r\n\tpadding-top:0px;\r\n\tpadding-bottom:0px;\r\n\tmargin-bottom:0px;\r\n\tline-height: 1.3em;\r\n}\r\n\r\n<\/style> \r\n\t\t \r\n\t\t\r\n\t\t<style>\r\n\t\t#wpsm_counter_b_row_260\t\t\t{\r\n\t\t\t\t\r\n\t\t\t\tposition:relative;\r\n\t\t\t\twidth:100%;\r\n\t\t\t\toverflow:hidden;\r\n\t\t\t\ttext-align:center;\r\n\t\t\t}\r\n\t\t\t \r\n\t\t\t#wpsm_counter_b_row_260 .wpsm_row{\r\n\t\t\toverflow:hidden;\r\n\t\t\tdisplay:block;\r\n\t\t\twidth:100%;\r\n\t\t\t} \r\n\t\t\t \r\n\t\t\t#wpsm_counter_b_row_260 .wpsm_row{\r\n\t\t\toverflow:visible;\r\n\t\t\t} \r\n\t\t\t \r\n\t\t\t#wpsm_counter_b_row_260 .wpsm_counterbox .wpsm_count-title{\r\n\t\t\tmin-height:56px;\r\n\t\t\t}}\r\n\t\t\t \r\n\t\t<\/style>\r\n\t\t\r\n\t\t<div class=\"wpsm_counter_b_row\" id=\"wpsm_counter_b_row_260\">\r\n\t\t\t<div>\r\n\t\t\t\t<div class=\"wpsm_row\">\r\n\t\t\r\n\t\t\t\t\t\t<div class=\"wpsm_col-md-12 wpsm_col-sm-6\">\r\n\t\t\t\t\t<div class=\"wpsm_counterbox\">\r\n\t\t\t\t\t\t \r\n\t\t\t\t\t\t<div class=\"wpsm_count-icon\"><i #4b8022 class=\"fa fa-balance-scale\"><\/i><\/div>\r\n\t\t\t\t\t\t\t\t\t\t\t\t<div class=\"wpsm_number\" style=\"#000000\" >\r\n\t\t\t\t\t\t   <span class=\"counter\">2349\t\t\t\t\t\t   <\/span>\r\n\t\t\t\t\t\t    \r\n\t\t\t\t\t    <\/div>\r\n\t\t\t\t\t\t<h3 class=\"wpsm_count-title\" #000000> Assistance juridique<\/h3>\r\n\t\t\t\t\t\t \r\n\t\t\t\t\t<\/div>\r\n\t\t\t\t<\/div>\r\n\t\t\t\t\t\t<\/div>\r\n\t\t\t<div class=\"wpsm_row\">\r\n\t\t\t\t\t\t\r\n\t\t\t<\/div>\t\t\t\t<\/div>\r\n\t\t<\/div>\r\n\t\t\r\n\t\n\n\n\n<p>L&rsquo;assistance juridique constitue un service temporaire visant \u00e0 accompagner, \u00e0 faire de la m\u00e9diation et \u00e0 fournir une aide juridique aux personnes migrantes confront\u00e9es \u00e0 des difficult\u00e9s de r\u00e9gularisation, de renouvellement de titre de s\u00e9jour, d&rsquo;enregistrement \u00e0 l&rsquo;\u00e9tat civil pour les enfants, ainsi que pour les recours ou les demandes d&rsquo;asile. Ce service est disponible de mani\u00e8re continue, fonctionnant tous les jours ouvrables. Son objectif principal est de soutenir les personnes migrantes en leur fournissant un appui juridique dans les divers aspects li\u00e9s \u00e0 leur statut administratif et aux proc\u00e9dures associ\u00e9es. <strong>N\u00b0B\u00a0: 2349<\/strong><\/p>\n","protected":false},"excerpt":{"rendered":"<p>Le plaidoyer constitue le deuxi\u00e8me pilier fondamental de notre engagement, nous permettant de mani\u00e8re objective de d\u00e9fendre les droits des minorit\u00e9s migrantes. Il vise \u00e0 encourager les gouvernements, les autorit\u00e9s locales, les institutions et les groupes de la soci\u00e9t\u00e9 civile \u00e0 travailler activement \u00e0 l&rsquo;\u00e9laboration de politiques publiques favorisant une meilleure inclusion sociale des personnes appartenant \u00e0 des minorit\u00e9s, en particulier les migrants. \u00c0 cette fin, le CCSM entreprend r\u00e9guli\u00e8rement des actions de plaidoyer visant \u00e0 garantir le respect des droits fondamentaux des personnes migrantes au Maroc, tels que l&rsquo;acc\u00e8s \u00e0 l&rsquo;\u00e9ducation, \u00e0 la sant\u00e9, \u00e0 l&#8217;emploi et \u00e0 la diversit\u00e9 culturelle entre autres. Actes\u00a0: 14\u00a0 Ce programme se pr\u00e9sente comme un outil p\u00e9dagogique destin\u00e9 \u00e0 diff\u00e9rents acteurs tels que les enfants, les jeunes, les mineurs, les hommes et les femmes. Son objectif est de sensibiliser la communaut\u00e9 migrante afin qu&rsquo;elle devienne une force active dans la d\u00e9fense de ses droits. En parall\u00e8le, il vise \u00e0 doter les acteurs impliqu\u00e9s dans les mouvements migratoires d&rsquo;une compr\u00e9hension approfondie des ph\u00e9nom\u00e8nes associ\u00e9s, des enjeux politiques et du cadre juridique national et international r\u00e9gissant la migration au Maroc. N\u00b0B\u00a0: 1901 L&rsquo;assistance juridique constitue un service temporaire visant \u00e0 accompagner, \u00e0 faire de la m\u00e9diation et \u00e0 fournir une aide juridique aux personnes migrantes confront\u00e9es \u00e0 des difficult\u00e9s de r\u00e9gularisation, de renouvellement de titre de s\u00e9jour, d&rsquo;enregistrement \u00e0 l&rsquo;\u00e9tat civil pour les enfants, ainsi que pour les recours ou les demandes d&rsquo;asile. Ce service est disponible de mani\u00e8re continue, fonctionnant tous les jours ouvrables. Son objectif principal est de soutenir les personnes migrantes en leur fournissant un appui juridique dans les divers aspects li\u00e9s \u00e0 leur statut administratif et aux proc\u00e9dures associ\u00e9es. N\u00b0B\u00a0: 2349<\/p>\n","protected":false},"author":1,"featured_media":154,"parent":0,"menu_order":0,"comment_status":"closed","ping_status":"closed","template":"","meta":{"_themeisle_gutenberg_block_has_review":false,"jetpack_post_was_ever_published":false,"footnotes":""},"class_list":["post-151","page","type-page","status-publish","has-post-thumbnail","hentry"],"jetpack_sharing_enabled":true,"_links":{"self":[{"href":"https:\/\/ccsmright.org\/index.php\/wp-json\/wp\/v2\/pages\/151","targetHints":{"allow":["GET"]}}],"collection":[{"href":"https:\/\/ccsmright.org\/index.php\/wp-json\/wp\/v2\/pages"}],"about":[{"href":"https:\/\/ccsmright.org\/index.php\/wp-json\/wp\/v2\/types\/page"}],"author":[{"embeddable":true,"href":"https:\/\/ccsmright.org\/index.php\/wp-json\/wp\/v2\/users\/1"}],"replies":[{"embeddable":true,"href":"https:\/\/ccsmright.org\/index.php\/wp-json\/wp\/v2\/comments?post=151"}],"version-history":[{"count":13,"href":"https:\/\/ccsmright.org\/index.php\/wp-json\/wp\/v2\/pages\/151\/revisions"}],"predecessor-version":[{"id":673,"href":"https:\/\/ccsmright.org\/index.php\/wp-json\/wp\/v2\/pages\/151\/revisions\/673"}],"wp:featuredmedia":[{"embeddable":true,"href":"https:\/\/ccsmright.org\/index.php\/wp-json\/wp\/v2\/media\/154"}],"wp:attachment":[{"href":"https:\/\/ccsmright.org\/index.php\/wp-json\/wp\/v2\/media?parent=151"}],"curies":[{"name":"wp","href":"https:\/\/api.w.org\/{rel}","templated":true}]}}